{"id":2922,"date":"2022-05-03T08:52:15","date_gmt":"2022-05-03T08:52:15","guid":{"rendered":"https:\/\/tortosa.escolateresiana.com\/el-colegio-tu-familia-tu-casa\/"},"modified":"2026-03-24T10:28:55","modified_gmt":"2026-03-24T10:28:55","slug":"el-colegio-tu-familia-tu-casa","status":"publish","type":"page","link":"https:\/\/tortosa.escolateresiana.com\/es\/el-colegio-tu-familia-tu-casa\/","title":{"rendered":"El colegio, tu familia, tu casa"},"content":{"rendered":"<p>[vc_row css_animation=\u00bb\u00bb row_type=\u00bbrow\u00bb use_row_as_full_screen_section=\u00bbno\u00bb type=\u00bbfull_width\u00bb angled_section=\u00bbno\u00bb text_align=\u00bbleft\u00bb background_image_as_pattern=\u00bbwithout_pattern\u00bb z_index=\u00bb\u00bb][vc_column][qode_elements_holder number_of_columns=\u00bbtwo_columns\u00bb alignment_one_column=\u00bbcenter\u00bb][qode_elements_holder_item advanced_animations=\u00bbno\u00bb][vc_single_image image=\u00bb3627&#8243; img_size=\u00bbfull\u00bb qode_css_animation=\u00bb\u00bb][\/qode_elements_holder_item][qode_elements_holder_item advanced_animations=\u00bbno\u00bb item_padding=\u00bb20px 30px 20px 30px\u00bb][vc_column_text]El colegio Teresiano de Tortosa es una escuela concertada con m\u00e1s de 400 alumnos de 0 a 16 a\u00f1os, desde la Guarder\u00eda hasta Secundaria Obligatoria.<\/p>\n<p>&nbsp;<\/p>\n<p>La Compa\u00f1\u00eda de Santa Teresa de Jes\u00fas hizo realidad nuestro centro en 1895. Hoy, junto a otros 20 colegios, forma parte de la Fundaci\u00f3n Escuela Teresiana.<\/p>\n<p>&nbsp;<\/p>\n<p>Enrique de Oss\u00f3, inspirado por Teresa de Jes\u00fas, fundamenta su obra en una educaci\u00f3n cristiana, de gran calidad, apoyada con sus principios pedag\u00f3gicos.<\/p>\n<p>&nbsp;<\/p>\n<p>Despu\u00e9s de 128 a\u00f1os de compromiso educativo en Tortosa, formamos a nuestros alumnos para los desaf\u00edos del futuro.[\/vc_column_text][\/qode_elements_holder_item][\/qode_elements_holder][\/vc_column][\/vc_row][vc_row css_animation=\u00bb\u00bb row_type=\u00bbrow\u00bb use_row_as_full_screen_section=\u00bbno\u00bb type=\u00bbfull_width\u00bb angled_section=\u00bbno\u00bb text_align=\u00bbleft\u00bb background_image_as_pattern=\u00bbwithout_pattern\u00bb css=\u00bb.vc_custom_1672827668504{background-color: #ffffff !important;}\u00bb z_index=\u00bb\u00bb][vc_column]<div class=\"qode-workflow  qode-workflow-animate\">\n    <span class=\"main-line\" style=\"background-color:#45ac34;\"><\/span>\n    <div class=\"qode-workflow-item\">\n    <span class=\"line\" style=\"background-color:#45ac34;\"><\/span>\n    <div class=\"qode-workflow-item-inner reverse\">\n        <div class=\"qode-workflow-image left\">\n            <img loading=\"lazy\" decoding=\"async\" width=\"150\" height=\"150\" src=\"https:\/\/tortosa.escolateresiana.com\/wp-content\/uploads\/2023\/01\/1912.png\" class=\"attachment-full size-full\" alt=\"\" \/>        <\/div>\n        <div class=\"qode-workflow-text\">\n            <span class=\"circle\" style=\"border-color:#45ac34;background-color:#45ac34;\"><\/span>\n                            <h2>1895<\/h2>\n                                                    <p class=\"text\">Primer colegio en la calle Montcada,13<\/p>\n                    <\/div>\n    <\/div>\n<\/div><div class=\"qode-workflow-item\">\n    <span class=\"line\" style=\"background-color:#45ac34;\"><\/span>\n    <div class=\"qode-workflow-item-inner \">\n        <div class=\"qode-workflow-image right\">\n            <img loading=\"lazy\" decoding=\"async\" width=\"150\" height=\"150\" src=\"https:\/\/tortosa.escolateresiana.com\/wp-content\/uploads\/2023\/01\/1974.png\" class=\"attachment-full size-full\" alt=\"\" \/>        <\/div>\n        <div class=\"qode-workflow-text\">\n            <span class=\"circle\" style=\"border-color:#45ac34;background-color:#45ac34;\"><\/span>\n                            <h2>1929<\/h2>\n                                                    <p class=\"text\">Se traslada a la actual ubicaci\u00f3n, C\/ Rossell\u00f3 31-37<\/p>\n                    <\/div>\n    <\/div>\n<\/div><div class=\"qode-workflow-item\">\n    <span class=\"line\" style=\"background-color:#45ac34;\"><\/span>\n    <div class=\"qode-workflow-item-inner reverse\">\n        <div class=\"qode-workflow-image left\">\n            <img loading=\"lazy\" decoding=\"async\" width=\"150\" height=\"150\" src=\"https:\/\/tortosa.escolateresiana.com\/wp-content\/uploads\/2023\/01\/2009.png\" class=\"attachment-full size-full\" alt=\"\" \/>        <\/div>\n        <div class=\"qode-workflow-text\">\n            <span class=\"circle\" style=\"border-color:#45ac34;background-color:#45ac34;\"><\/span>\n                            <h2>2009<\/h2>\n                                                    <p class=\"text\">La Compa\u00f1\u00eda Santa Teresa crea la Fundaci\u00f3n Escuela Teresiana (FET)<\/p>\n                    <\/div>\n    <\/div>\n<\/div><div class=\"qode-workflow-item\">\n    <span class=\"line\" style=\"background-color:#45ac34;\"><\/span>\n    <div class=\"qode-workflow-item-inner \">\n        <div class=\"qode-workflow-image right\">\n            <img loading=\"lazy\" decoding=\"async\" width=\"150\" height=\"150\" src=\"https:\/\/tortosa.escolateresiana.com\/wp-content\/uploads\/2023\/01\/1918.png\" class=\"attachment-full size-full\" alt=\"\" \/>        <\/div>\n        <div class=\"qode-workflow-text\">\n            <span class=\"circle\" style=\"border-color:#45ac34;background-color:#45ac34;\"><\/span>\n                            <h2>2012<\/h2>\n                                                    <p class=\"text\">El colegio Teresiano pasa a formar parte de la FET<\/p>\n                    <\/div>\n    <\/div>\n<\/div><div class=\"qode-workflow-item\">\n    <span class=\"line\" style=\"background-color:#45ac34;\"><\/span>\n    <div class=\"qode-workflow-item-inner reverse\">\n        <div class=\"qode-workflow-image left\">\n            <img loading=\"lazy\" decoding=\"async\" width=\"150\" height=\"150\" src=\"https:\/\/tortosa.escolateresiana.com\/wp-content\/uploads\/2023\/01\/hoy.png\" class=\"attachment-full size-full\" alt=\"\" \/>        <\/div>\n        <div class=\"qode-workflow-text\">\n            <span class=\"circle\" style=\"border-color:#45ac34;background-color:#45ac34;\"><\/span>\n                            <h2>HOY<\/h2>\n                                                    <p class=\"text\">Seguimos educando a alumnos para el futuro\u2026<\/p>\n                    <\/div>\n    <\/div>\n<\/div><\/div>[\/vc_column][\/vc_row][vc_row css_animation=\u00bbelement_from_right\u00bb row_type=\u00bbrow\u00bb use_row_as_full_screen_section=\u00bbno\u00bb type=\u00bbfull_width\u00bb angled_section=\u00bbno\u00bb text_align=\u00bbleft\u00bb background_image_as_pattern=\u00bbwithout_pattern\u00bb css=\u00bb.vc_custom_1651569422056{background-color: #ffffff !important;}\u00bb z_index=\u00bb\u00bb][vc_column][vc_row_inner row_type=\u00bbrow\u00bb type=\u00bbgrid\u00bb text_align=\u00bbleft\u00bb css_animation=\u00bb\u00bb css=\u00bb.vc_custom_1719482406688{background-image: url(https:\/\/tortosa.escolateresiana.com\/wp-content\/uploads\/2022\/05\/slide-verde.png?id=720) !important;background-position: center !important;background-repeat: no-repeat !important;background-size: cover !important;}\u00bb][vc_column_inner][vc_empty_space height=\u00bb90px\u00bb][vc_column_text]<\/p>\n<h2 style=\"text-align: center; color: white;\">EL CENTRO DE NUESTRA MISI\u00d3N, LA PERSONA.<\/h2>\n<p>[\/vc_column_text][vc_empty_space][vc_single_image image=\u00bb2479&#8243; img_size=\u00bb125&#215;125&#8243; alignment=\u00bbcenter\u00bb qode_css_animation=\u00bb\u00bb][vc_empty_space][vc_column_text]<\/p>\n<p style=\"text-align: center;\"><span style=\"color: #ffffff; font-size: 24px;\">Cada persona es \u00fanica y nuestra misi\u00f3n como Comunidad educativa es:<\/span><\/p>\n<p>[\/vc_column_text][vc_empty_space height=\u00bb30px\u00bb][\/vc_column_inner][\/vc_row_inner][vc_row_inner row_type=\u00bbrow\u00bb type=\u00bbgrid\u00bb text_align=\u00bbleft\u00bb css_animation=\u00bb\u00bb css=\u00bb.vc_custom_1719482320571{background-image: url(https:\/\/tortosa.escolateresiana.com\/wp-content\/uploads\/2022\/05\/slide-verde.png?id=720) !important;background-position: center !important;background-repeat: no-repeat !important;background-size: cover !important;}\u00bb][vc_column_inner width=\u00bb1\/3&#8243;][vc_empty_space height=\u00bb60px\u00bb][vc_column_text]<\/p>\n<p style=\"text-align: right;\"><span style=\"color: #ffffff;\">Acompa\u00f1ar al alumno para que no ponga l\u00edmites a su crecimiento y dotarle de las herramientas necesarias para superar los propios retos.<br \/>\n<\/span><\/p>\n<p>[\/vc_column_text][vc_empty_space][vc_column_text]<\/p>\n<p style=\"text-align: right;\"><span style=\"color: #ffffff;\">Ayudarles a aprender a pensar, a ser creativos, a trabajar con eficacia ya cooperar con los dem\u00e1s.<br \/>\n<\/span><\/p>\n<p>[\/vc_column_text][\/vc_column_inner][vc_column_inner width=\u00bb1\/3&#8243;][vc_single_image image=\u00bb2572&#8243; img_size=\u00bbfull\u00bb alignment=\u00bbcenter\u00bb qode_css_animation=\u00bb\u00bb][vc_empty_space][vc_column_text]<\/p>\n<p style=\"text-align: center;\"><span style=\"color: #ffffff;\">Hacer del colegio un espacio cercano y acogedor donde todos nos sintamos cuidados y felices.<\/span><\/p>\n<p>[\/vc_column_text][vc_empty_space height=\u00bb90px\u00bb][\/vc_column_inner][vc_column_inner width=\u00bb1\/3&#8243;][vc_empty_space height=\u00bb60px\u00bb][vc_column_text]<\/p>\n<p style=\"text-align: left;\"><span style=\"color: #ffffff;\">Formar a ciudadanos comprometidos con la sociedad, con mente abierta y pensamiento cr\u00edtico, acogedores y proactivos.<br \/>\n<\/span><\/p>\n<p>[\/vc_column_text][vc_empty_space][vc_empty_space][vc_column_text]<\/p>\n<p style=\"text-align: left;\"><span style=\"color: #ffffff;\">Descubrir el gozo de vivir la propia interioridad y que las personas sean sujetas de encuentro con los dem\u00e1s y con Dios.<\/span><\/p>\n<p>[\/vc_column_text][\/vc_column_inner][\/vc_row_inner][vc_row_inner row_type=\u00bbrow\u00bb type=\u00bbfull_width\u00bb text_align=\u00bbleft\u00bb css_animation=\u00bb\u00bb css=\u00bb.vc_custom_1674650241343{padding-top: 40px !important;padding-bottom: 40px !important;background-image: url(https:\/\/tortosa.escolateresiana.com\/wp-content\/uploads\/2023\/01\/foto-10-tortosa.jpg?id=1459) !important;background-position: center !important;background-repeat: no-repeat !important;background-size: cover !important;}\u00bb][vc_column_inner][vc_empty_space height=\u00bb90px\u00bb][vc_column_text]<\/p>\n<h2 class=\" ztl-main-font ztl-left ztl-font-normal\" style=\"text-align: center;\"><span style=\"color: #ffffff;\">CREEMOS EN TI. CRECEMOS CONTIGO <\/span><\/h2>\n<p>&nbsp;<\/p>\n<div class=\"vc_empty_space\" style=\"text-align: center;\"><\/div>\n<div class=\"wpb_text_column wpb_content_element \">\n<div class=\"wpb_wrapper\">\n<p style=\"text-align: center; font-size: 24px;\"><span style=\"color: #ffffff;\">Avanzamos contigo, creemos contigo.<br \/>\nVamos hacia una escuela abierta, integradora, con perspectiva de futuro y en constante avance.<br \/>\n<\/span><\/p>\n<\/div>\n<\/div>\n<p>[\/vc_column_text][vc_empty_space][vc_column_text]<\/p>\n<p style=\"text-align: center;\"><span style=\"color: #ffffff;\"><em><strong>\u201cEducamos desde la realidad y para la vida,<br \/>\npara construir cultura solidaria y de paz<br \/>\ncon personas que sean sujetas de encuentro y<br \/>\ntransformadores sociales\u201d<br \/>\n<\/strong><\/em><\/span><br \/>\n<span style=\"color: #ffffff;\">Propuesta Educativa Teresiana<br \/>\n<\/span><\/p>\n<p>[\/vc_column_text][vc_empty_space height=\u00bb90 px\u00bb][\/vc_column_inner][\/vc_row_inner][\/vc_column][\/vc_row][vc_row css_animation=\u00bbelement_from_left\u00bb row_type=\u00bbrow\u00bb use_row_as_full_screen_section=\u00bbno\u00bb type=\u00bbfull_width\u00bb angled_section=\u00bbno\u00bb text_align=\u00bbleft\u00bb background_image_as_pattern=\u00bbwithout_pattern\u00bb z_index=\u00bb\u00bb][vc_column][qode_elements_holder number_of_columns=\u00bbtwo_columns\u00bb alignment_one_column=\u00bbcenter\u00bb][qode_elements_holder_item horizontal_alignment=\u00bbcenter\u00bb advanced_animations=\u00bbno\u00bb item_padding=\u00bb0px 30px 0px 30px\u00bb][vc_column_text]<\/p>\n<h2 class=\" ztl-main-font ztl-left ztl-font-normal\"><span style=\"color: #45ac34;\">CREEMOS EN TI<\/span><\/h2>\n<p>&nbsp;<\/p>\n<div class=\"wpb_text_column wpb_content_element \">\n<div class=\"wpb_wrapper\">\n<ul>\n<li><span style=\"color: #23406a;\">El centro es la persona y el \u00e1mbito familiar.<br \/>\n<\/span><\/li>\n<li><span style=\"color: #23406a;\">Cercan\u00eda, escucha activa y mirada aut\u00e9ntica.<br \/>\n<\/span><\/li>\n<li><span style=\"color: #23406a;\">Interioridad y trascendencia.<br \/>\n<\/span><\/li>\n<li><span style=\"color: #23406a;\">Acompa\u00f1amiento, equidad y solidaridad.<br \/>\n<\/span><\/li>\n<\/ul>\n<\/div>\n<\/div>\n<p>[\/vc_column_text][\/qode_elements_holder_item][qode_elements_holder_item advanced_animations=\u00bbno\u00bb][vc_single_image image=\u00bb2574&#8243; img_size=\u00bbfull\u00bb qode_css_animation=\u00bb\u00bb][\/qode_elements_holder_item][\/qode_elements_holder][\/vc_column][\/vc_row][vc_row css_animation=\u00bbelement_from_right\u00bb row_type=\u00bbrow\u00bb use_row_as_full_screen_section=\u00bbno\u00bb type=\u00bbfull_width\u00bb angled_section=\u00bbno\u00bb text_align=\u00bbleft\u00bb background_image_as_pattern=\u00bbwithout_pattern\u00bb z_index=\u00bb\u00bb][vc_column][qode_elements_holder number_of_columns=\u00bbtwo_columns\u00bb alignment_one_column=\u00bbcenter\u00bb][qode_elements_holder_item advanced_animations=\u00bbno\u00bb][vc_single_image image=\u00bb2575&#8243; img_size=\u00bbfull\u00bb qode_css_animation=\u00bb\u00bb][\/qode_elements_holder_item][qode_elements_holder_item horizontal_alignment=\u00bbcenter\u00bb advanced_animations=\u00bbno\u00bb item_padding=\u00bb0px 30px 0px 30px\u00bb][vc_column_text]<\/p>\n<h2 class=\" ztl-main-font ztl-left ztl-font-normal\"><span style=\"color: #45ac34;\">CRECEMOS CONTIGO<\/span><\/h2>\n<p>&nbsp;<\/p>\n<div class=\"wpb_text_column wpb_content_element \">\n<div class=\"wpb_wrapper\">\n<ul>\n<li><span style=\"color: #23406a;\"><span style=\"color: #23406a;\">Vocaci\u00f3n, mente abierta y visi\u00f3n de futuro.<br \/>\n<\/span><\/span><\/li>\n<li><span style=\"color: #23406a;\"><span style=\"color: #23406a;\">Complicidad, compromiso y aptitud en el trabajo.<br \/>\n<\/span><\/span><\/li>\n<li><span style=\"color: #23406a;\"><span style=\"color: #23406a;\"><span style=\"color: #23406a;\">Imaginaci\u00f3n, talento innovador, mejora continua.<\/span><\/span><\/span><\/li>\n<\/ul>\n<\/div>\n<\/div>\n<p>[\/vc_column_text][\/qode_elements_holder_item][\/qode_elements_holder][\/vc_column][\/vc_row]<\/p>\n","protected":false},"excerpt":{"rendered":"<p>[vc_row css_animation=\u00bb\u00bb row_type=\u00bbrow\u00bb use_row_as_full_screen_section=\u00bbno\u00bb type=\u00bbfull_width\u00bb angled_section=\u00bbno\u00bb text_align=\u00bbleft\u00bb background_image_as_pattern=\u00bbwithout_pattern\u00bb z_index=\u00bb\u00bb][vc_column][qode_elements_holder number_of_columns=\u00bbtwo_columns\u00bb alignment_one_column=\u00bbcenter\u00bb][qode_elements_holder_item advanced_animations=\u00bbno\u00bb][vc_single_image image=\u00bb3627&#8243; img_size=\u00bbfull\u00bb qode_css_animation=\u00bb\u00bb][\/qode_elements_holder_item][qode_elements_holder_item advanced_animations=\u00bbno\u00bb item_padding=\u00bb20px 30px 20px 30px\u00bb][vc_column_text]El colegio Teresiano de Tortosa es una escuela concertada con m\u00e1s de 400 alumnos de 0 a 16 a\u00f1os, desde la Guarder\u00eda hasta Secundaria Obligatoria. &nbsp;&#8230;<\/p>\n","protected":false},"author":1,"featured_media":0,"parent":0,"menu_order":0,"comment_status":"closed","ping_status":"closed","template":"full_width.php","meta":{"footnotes":""},"class_list":["post-2922","page","type-page","status-publish","hentry"],"_links":{"self":[{"href":"https:\/\/tortosa.escolateresiana.com\/es\/wp-json\/wp\/v2\/pages\/2922","targetHints":{"allow":["GET"]}}],"collection":[{"href":"https:\/\/tortosa.escolateresiana.com\/es\/wp-json\/wp\/v2\/pages"}],"about":[{"href":"https:\/\/tortosa.escolateresiana.com\/es\/wp-json\/wp\/v2\/types\/page"}],"author":[{"embeddable":true,"href":"https:\/\/tortosa.escolateresiana.com\/es\/wp-json\/wp\/v2\/users\/1"}],"replies":[{"embeddable":true,"href":"https:\/\/tortosa.escolateresiana.com\/es\/wp-json\/wp\/v2\/comments?post=2922"}],"version-history":[{"count":7,"href":"https:\/\/tortosa.escolateresiana.com\/es\/wp-json\/wp\/v2\/pages\/2922\/revisions"}],"predecessor-version":[{"id":3629,"href":"https:\/\/tortosa.escolateresiana.com\/es\/wp-json\/wp\/v2\/pages\/2922\/revisions\/3629"}],"wp:attachment":[{"href":"https:\/\/tortosa.escolateresiana.com\/es\/wp-json\/wp\/v2\/media?parent=2922"}],"curies":[{"name":"wp","href":"https:\/\/api.w.org\/{rel}","templated":true}]}}