{"id":2901,"date":"2022-06-01T09:01:42","date_gmt":"2022-06-01T09:01:42","guid":{"rendered":"https:\/\/tortosa.escolateresiana.com\/idiomas\/"},"modified":"2024-05-24T08:12:52","modified_gmt":"2024-05-24T08:12:52","slug":"idiomas","status":"publish","type":"page","link":"https:\/\/tortosa.escolateresiana.com\/es\/idiomas\/","title":{"rendered":"Idiomas"},"content":{"rendered":"<p>[vc_row css_animation=\u00bb\u00bb row_type=\u00bbrow\u00bb use_row_as_full_screen_section=\u00bbno\u00bb type=\u00bbfull_width\u00bb angled_section=\u00bbno\u00bb text_align=\u00bbleft\u00bb background_image_as_pattern=\u00bbwithout_pattern\u00bb][vc_column][qode_elements_holder number_of_columns=\u00bbtwo_columns\u00bb][qode_elements_holder_item advanced_animations=\u00bbno\u00bb][vc_single_image image=\u00bb2653&#8243; img_size=\u00bbfull\u00bb qode_css_animation=\u00bb\u00bb][\/qode_elements_holder_item][qode_elements_holder_item advanced_animations=\u00bbno\u00bb item_padding=\u00bb0px 30px 0px 30px\u00bb background_image=\u00bb1360&#8243;][vc_column_text css=\u00bb.vc_custom_1679997838868{padding-top: 15px !important;padding-right: 15px !important;padding-bottom: 15px !important;padding-left: 15px !important;background-color: rgba(255,255,255,0.71) !important;*background-color: rgb(255,255,255) !important;}\u00bb]<\/p>\n<h2><span style=\"color: #45ac34;\">Las palabras abren fronteras.<\/span><\/h2>\n<p>&nbsp;<\/p>\n<p>&nbsp;<\/p>\n<p>Vivimos en un mundo globlalizado e interconectado, Nuestro objetivo es preparar a nuestro alumnado para que sea capaz de participar en la sociedad plural, pluriling\u00fce y pluricultural del siglo XXI y actuar en diferentes contextos, para conseguir un bien individual, colectivo y global.<\/p>\n<p>&nbsp;<\/p>\n<p>Desde muy peque\u00f1o, el alumno se encuentra inmerso en un ambiente pluriling\u00fce, aprendiendo con metodolog\u00edas muy motivadoras, siempre desde situaciones cotidianas y cercanas y priorizando la interacci\u00f3n oral.<\/p>\n<p>&nbsp;<\/p>\n<p>Tambi\u00e9n favorecemos el aprendizaje de las lenguas extranjeras con distintos programas intensivos de inmersi\u00f3n ling\u00fc\u00edstica con estancias en el extranjero.[\/vc_column_text][\/qode_elements_holder_item][\/qode_elements_holder][\/vc_column][\/vc_row][vc_row css_animation=\u00bb\u00bb row_type=\u00bbrow\u00bb use_row_as_full_screen_section=\u00bbno\u00bb type=\u00bbgrid\u00bb angled_section=\u00bbno\u00bb text_align=\u00bbleft\u00bb background_image_as_pattern=\u00bbwithout_pattern\u00bb z_index=\u00bb\u00bb padding_top=\u00bb60&#8243; padding_bottom=\u00bb60&#8243;][vc_column][vc_single_image image=\u00bb2549&#8243; img_size=\u00bbfull\u00bb alignment=\u00bbcenter\u00bb qode_css_animation=\u00bb\u00bb][vc_column_text]<\/p>\n<h3 class=\" ztl-main-font ztl-left ztl-font-normal\" style=\"text-align: center;\"><span style=\"color: #45ac34;\">APRENDIZAJE QUE PARTE DE NUESTRA LENGUA<br \/>\n<\/span><\/h3>\n<p>&nbsp;<\/p>\n<p style=\"text-align: center;\"><span style=\"font-weight: 400;\">Para formar hablantes pluriling\u00fces e interculturales es necesario, en primer lugar, la consecuci\u00f3n de la competencia plena de la lengua propia y de las otras lenguas curriculares del centro. Fomentamos el respeto por la diversidad ling\u00fc\u00edstica y el deseo de aprender otras lenguas y culturas.<\/span><\/p>\n<p style=\"text-align: center;\"><span style=\"font-weight: 400;\"> <\/span><\/p>\n<p style=\"text-align: center;\"><span style=\"font-weight: 400;\">Todas las lenguas curriculares las trabajamos desde una \u00f3ptica de tratamiento integrado, en cuanto a competencias, procesos, metodolog\u00edas y saberes para garantizar que el alumnado tiene las mismas oportunidades y para planificar sus aprendizajes y establecer tratamientos metodol\u00f3gicos y did\u00e1cticos coherentes .<\/span><\/p>\n<p>[\/vc_column_text][\/vc_column][\/vc_row][vc_row css_animation=\u00bb\u00bb row_type=\u00bbrow\u00bb use_row_as_full_screen_section=\u00bbno\u00bb type=\u00bbgrid\u00bb angled_section=\u00bbno\u00bb text_align=\u00bbleft\u00bb background_image_as_pattern=\u00bbwithout_pattern\u00bb z_index=\u00bb\u00bb background_color=\u00bb#ffffff\u00bb][vc_column][vc_empty_space height=\u00bb90px\u00bb][vc_column_text]<\/p>\n<h3 style=\"text-align: center;\"><span style=\"color: #45ac34;\">  IDIOMAS EN NUESTRO COLEGIO<\/span><\/h3>\n<p>[\/vc_column_text][vc_empty_space height=\u00bb90px\u00bb][\/vc_column][\/vc_row][vc_row css_animation=\u00bb\u00bb row_type=\u00bbrow\u00bb use_row_as_full_screen_section=\u00bbno\u00bb type=\u00bbgrid\u00bb angled_section=\u00bbno\u00bb text_align=\u00bbleft\u00bb background_image_as_pattern=\u00bbwithout_pattern\u00bb z_index=\u00bb\u00bb background_color=\u00bb#ffffff\u00bb][vc_column width=\u00bb1\/2&#8243;][vc_single_image image=\u00bb2561&#8243; img_size=\u00bbfull\u00bb qode_css_animation=\u00bb\u00bb][\/vc_column][vc_column width=\u00bb1\/2&#8243; css=\u00bb.vc_custom_1673433258033{background-color: #d9efc6 !important;}\u00bb]<div class=\"qode-accordion-holder clearfix qode-accordion qode-initial \">\n\t<h4 class=\"clearfix qode-title-holder\">\n<span class=\"qode-tab-title\">\n\t    <span class=\"qode-tab-title-inner\">\n        INGL\u00c9S    <\/span>\n<\/span>\n<span class=\"qode-accordion-mark\">\n    <span class=\"qode-accordion-mark-icon\">\n        <span class=\"icon_plus\"><\/span>\n        <span class=\"icon_minus-06\"><\/span>\n    <\/span>\n<\/span>\n<\/h4>\n<div  class=\"qode-accordion-content \" >\n    <div class=\"qode-accordion-content-inner\">\n        [vc_column_text]Queremos que nuestros alumnos adquieran un buen dominio de la lengua inglesa al terminar su etapa escolar. Desde las primeras etapas priorizamos la competencia comunicativa oral y progresivamente adquieren un buen dominio de la expresi\u00f3n escrita y comprensi\u00f3n lectora mediante actividades de aprendizaje que plantean situaciones de comunicaci\u00f3n reales.<\/p>\n<p>&nbsp;<\/p>\n<p>Adem\u00e1s, reforzamos el aprendizaje de idiomas con actividades de inmersi\u00f3n ling\u00fc\u00edstica y con la preparaci\u00f3n de los alumnos para certificar oficialmente su nivel de competencia en ingl\u00e9s.<\/p>\n<p>&nbsp;<\/p>\n<ul>\n<li><strong>Aumento de horas lectivas de ingl\u00e9s.<\/strong><\/li>\n<li><strong>Actividades de inmersi\u00f3n: Teatro, English week.<\/strong><\/li>\n<li><strong>Intercambios escolares y estancias en el extranjero.<\/strong><\/li>\n<li><strong>Grupos reducidos de clase con una auxiliar de conversaci\u00f3n nativa.<\/strong><\/li>\n<li><strong>Proyectos internacionales: etwinning.<\/strong><\/li>\n<li><strong>Bachillerato Americano: Programa Dual, doble titulaci\u00f3n.  <\/strong><\/li>\n<li><strong>Centro examinador oficial de Cambridge.<\/strong><\/li>\n<li><strong>Preparador oficial de Cambridge.<\/strong><\/li>\n<\/ul>\n<p>[\/vc_column_text][vc_empty_space][vc_gallery type=\u00bbimage_grid\u00bb images=\u00bb2353,2396&#8243; img_size=\u00bbmedium\u00bb column_number=\u00bb6&#8243; grayscale=\u00bbno\u00bb images_space=\u00bbgallery_without_space\u00bb]    <\/div>\n<\/div><h4 class=\"clearfix qode-title-holder\">\n<span class=\"qode-tab-title\">\n\t    <span class=\"qode-tab-title-inner\">\n        ALEM\u00c1N    <\/span>\n<\/span>\n<span class=\"qode-accordion-mark\">\n    <span class=\"qode-accordion-mark-icon\">\n        <span class=\"icon_plus\"><\/span>\n        <span class=\"icon_minus-06\"><\/span>\n    <\/span>\n<\/span>\n<\/h4>\n<div  class=\"qode-accordion-content \" >\n    <div class=\"qode-accordion-content-inner\">\n        [vc_column_text]Alem\u00e1n se incorpora al curr\u00edculum como segunda lengua extranjera para todo el alumnado a partir de 1\u00ba de ESO. La lengua se imparte en grupos reducidos con un profesor especializado.<\/p>\n<p>&nbsp;<\/p>\n<p>Los alumnos de Educaci\u00f3n Primaria tienen la posibilidad de empezar el aprendizaje de esta lengua, en horario extraescolar. Al llegar al nivel adecuado, pueden presentarse a titulaciones oficiales y obtener los distintos grados del Marco de Referencia Europeo.[\/vc_column_text]    <\/div>\n<\/div><\/div>[vc_empty_space][\/vc_column][\/vc_row][vc_row css_animation=\u00bb\u00bb row_type=\u00bbrow\u00bb use_row_as_full_screen_section=\u00bbno\u00bb type=\u00bbfull_width\u00bb angled_section=\u00bbno\u00bb text_align=\u00bbleft\u00bb background_image_as_pattern=\u00bbwithout_pattern\u00bb css=\u00bb.vc_custom_1673359191879{background-color: #ffffff !important;}\u00bb z_index=\u00bb\u00bb][vc_column][vc_empty_space][\/vc_column][\/vc_row][vc_row css_animation=\u00bb\u00bb row_type=\u00bbrow\u00bb use_row_as_full_screen_section=\u00bbno\u00bb type=\u00bbfull_width\u00bb angled_section=\u00bbno\u00bb text_align=\u00bbleft\u00bb background_image_as_pattern=\u00bbwithout_pattern\u00bb][vc_column][vc_gallery type=\u00bbimage_grid\u00bb images=\u00bb2654,2746,2747&#8243; img_size=\u00bbfull\u00bb column_number=\u00bb3&#8243; grayscale=\u00bbno\u00bb images_space=\u00bbgallery_without_space\u00bb][\/vc_column][\/vc_row]<\/p>\n","protected":false},"excerpt":{"rendered":"<p>[vc_row css_animation=\u00bb\u00bb row_type=\u00bbrow\u00bb use_row_as_full_screen_section=\u00bbno\u00bb type=\u00bbfull_width\u00bb angled_section=\u00bbno\u00bb text_align=\u00bbleft\u00bb background_image_as_pattern=\u00bbwithout_pattern\u00bb][vc_column][qode_elements_holder number_of_columns=\u00bbtwo_columns\u00bb][qode_elements_holder_item advanced_animations=\u00bbno\u00bb][vc_single_image image=\u00bb2653&#8243; img_size=\u00bbfull\u00bb qode_css_animation=\u00bb\u00bb][\/qode_elements_holder_item][qode_elements_holder_item advanced_animations=\u00bbno\u00bb item_padding=\u00bb0px 30px 0px 30px\u00bb background_image=\u00bb1360&#8243;][vc_column_text css=\u00bb.vc_custom_1679997838868{padding-top: 15px !important;padding-right: 15px !important;padding-bottom: 15px !important;padding-left: 15px !important;background-color: rgba(255,255,255,0.71) !important;*background-color: rgb(255,255,255) !important;}\u00bb] Las palabras abren fronteras. &nbsp; &nbsp; Vivimos en un mundo globlalizado e interconectado,&#8230;<\/p>\n","protected":false},"author":1,"featured_media":0,"parent":0,"menu_order":0,"comment_status":"closed","ping_status":"closed","template":"full_width.php","meta":{"footnotes":""},"class_list":["post-2901","page","type-page","status-publish","hentry"],"_links":{"self":[{"href":"https:\/\/tortosa.escolateresiana.com\/es\/wp-json\/wp\/v2\/pages\/2901","targetHints":{"allow":["GET"]}}],"collection":[{"href":"https:\/\/tortosa.escolateresiana.com\/es\/wp-json\/wp\/v2\/pages"}],"about":[{"href":"https:\/\/tortosa.escolateresiana.com\/es\/wp-json\/wp\/v2\/types\/page"}],"author":[{"embeddable":true,"href":"https:\/\/tortosa.escolateresiana.com\/es\/wp-json\/wp\/v2\/users\/1"}],"replies":[{"embeddable":true,"href":"https:\/\/tortosa.escolateresiana.com\/es\/wp-json\/wp\/v2\/comments?post=2901"}],"version-history":[{"count":3,"href":"https:\/\/tortosa.escolateresiana.com\/es\/wp-json\/wp\/v2\/pages\/2901\/revisions"}],"predecessor-version":[{"id":2916,"href":"https:\/\/tortosa.escolateresiana.com\/es\/wp-json\/wp\/v2\/pages\/2901\/revisions\/2916"}],"wp:attachment":[{"href":"https:\/\/tortosa.escolateresiana.com\/es\/wp-json\/wp\/v2\/media?parent=2901"}],"curies":[{"name":"wp","href":"https:\/\/api.w.org\/{rel}","templated":true}]}}